{"id":1126,"date":"2023-03-15T15:40:39","date_gmt":"2023-03-15T14:40:39","guid":{"rendered":"https:\/\/paris-pocket.com\/projets\/parigi-low-cost-il-mio-libro\/"},"modified":"2025-03-18T12:32:01","modified_gmt":"2025-03-18T11:32:01","slug":"parigi-low-cost-il-mio-libro","status":"publish","type":"projets","link":"https:\/\/paris-pocket.com\/it\/projets\/parigi-low-cost-il-mio-libro\/","title":{"rendered":"Parigi lowcost \u2013 la mia guida di Parigi"},"content":{"rendered":"\t\t<div data-elementor-type=\"wp-post\" data-elementor-id=\"1126\" class=\"elementor elementor-1126\" data-elementor-post-type=\"projets\">\n\t\t\t\t<div class=\"elementor-element elementor-element-7948d16 e-flex e-con-boxed wpr-particle-no wpr-jarallax-no wpr-parallax-no wpr-sticky-section-no wpr-equal-height-no e-con e-parent\" data-id=\"7948d16\" data-element_type=\"container\" data-e-type=\"container\">\n\t\t\t\t\t<div class=\"e-con-inner\">\n\t\t<div class=\"elementor-element elementor-element-9014bd3 e-flex e-con-boxed wpr-particle-no wpr-jarallax-no wpr-parallax-no wpr-sticky-section-no wpr-equal-height-no e-con e-child\" data-id=\"9014bd3\" data-element_type=\"container\" data-e-type=\"container\">\n\t\t\t\t\t<div class=\"e-con-inner\">\n\t\t\t\t<div class=\"elementor-element elementor-element-45ce0b5 elementor-widget elementor-widget-theme-post-featured-image elementor-widget-image\" data-id=\"45ce0b5\" data-element_type=\"widget\" data-e-type=\"widget\" data-widget_type=\"theme-post-featured-image.default\">\n\t\t\t\t<div class=\"elementor-widget-container\">\n\t\t\t\t\t\t\t\t\t\t\t\t\t\t\t<img fetchpriority=\"high\" decoding=\"async\" width=\"618\" height=\"750\" src=\"https:\/\/paris-pocket.com\/wp-content\/uploads\/2023\/03\/Parigi-Low-Cost-Livre.webp\" class=\"attachment-large size-large wp-image-896\" alt=\"\" srcset=\"https:\/\/paris-pocket.com\/wp-content\/uploads\/2023\/03\/Parigi-Low-Cost-Livre.webp 618w, https:\/\/paris-pocket.com\/wp-content\/uploads\/2023\/03\/Parigi-Low-Cost-Livre-247x300.webp 247w\" sizes=\"(max-width: 618px) 100vw, 618px\" \/>\t\t\t\t\t\t\t\t\t\t\t\t\t\t\t<\/div>\n\t\t\t\t<\/div>\n\t\t\t\t\t<\/div>\n\t\t\t\t<\/div>\n\t\t<div class=\"elementor-element elementor-element-a65f52e e-flex e-con-boxed wpr-particle-no wpr-jarallax-no wpr-parallax-no wpr-sticky-section-no wpr-equal-height-no e-con e-child\" data-id=\"a65f52e\" data-element_type=\"container\" data-e-type=\"container\">\n\t\t\t\t\t<div class=\"e-con-inner\">\n\t\t\t\t<div class=\"elementor-element elementor-element-c676433 animated-fast elementor-invisible elementor-widget elementor-widget-heading\" data-id=\"c676433\" data-element_type=\"widget\" data-e-type=\"widget\" data-settings=\"{&quot;_animation&quot;:&quot;fadeInDown&quot;}\" data-widget_type=\"heading.default\">\n\t\t\t\t<div class=\"elementor-widget-container\">\n\t\t\t\t\t<h1 class=\"elementor-heading-title elementor-size-default\">Parigi lowcost \u2013 la mia guida di Parigi<\/h1>\t\t\t\t<\/div>\n\t\t\t\t<\/div>\n\t\t\t\t\t<\/div>\n\t\t\t\t<\/div>\n\t\t\t\t\t<\/div>\n\t\t\t\t<\/div>\n\t\t<div class=\"elementor-element elementor-element-810b8bb e-flex e-con-boxed wpr-particle-no wpr-jarallax-no wpr-parallax-no wpr-sticky-section-no wpr-equal-height-no e-con e-parent\" data-id=\"810b8bb\" data-element_type=\"container\" data-e-type=\"container\">\n\t\t\t\t\t<div class=\"e-con-inner\">\n\t\t\t\t<div class=\"elementor-element elementor-element-61307d8 elementor-widget elementor-widget-text-editor\" data-id=\"61307d8\" data-element_type=\"widget\" data-e-type=\"widget\" data-widget_type=\"text-editor.default\">\n\t\t\t\t<div class=\"elementor-widget-container\">\n\t\t\t\t\t\t\t\t\t<p>\u00c8 un giorno di\u00a0<strong>agosto<\/strong> quando arriva nella mia scatola email (francesismo per bo\u00eete mail) un messaggio di una certa Marianna che mi dice lavorare alla <strong>BUR\u00a0<\/strong><strong>e che vorrebbe<\/strong> propormi di scrivere qualcosa su <strong>Parigi<\/strong>, come ha fatto con altre citt\u00e0, con altri bloggers.<\/p><p><span style=\"color: var( --e-global-color-text ); font-family: var( --e-global-typography-text-font-family ), Sans-serif; font-weight: var( --e-global-typography-text-font-weight ); text-align: var(--text-align); font-size: 1rem;\">Dispiace dirlo, ma abituata ormai ad avere diritti e avendo imparato a riconoscere il valore del lavoro, ormai ogni volta che ricevo proposte dall\u2019Italia la mia prima reazione \u00e8 <\/span><em style=\"color: var( --e-global-color-text ); font-family: var( --e-global-typography-text-font-family ), Sans-serif; font-weight: var( --e-global-typography-text-font-weight ); text-align: var(--text-align); font-size: 1rem;\">\u201cAttenzione, eccone un altro che mi vuole far lavorare gratis e prendersi il merito, vediamo cosa vuole\u201d.\u00a0<\/em><span style=\"color: var( --e-global-color-text ); font-family: var( --e-global-typography-text-font-family ), Sans-serif; font-weight: var( --e-global-typography-text-font-weight ); text-align: var(--text-align); font-size: 1rem;\">:-p Rispondo quindi alla mail <\/span><strong style=\"color: var( --e-global-color-text ); font-family: var( --e-global-typography-text-font-family ), Sans-serif; text-align: var(--text-align); font-size: 1rem;\">scettica<\/strong><span style=\"color: var( --e-global-color-text ); font-family: var( --e-global-typography-text-font-family ), Sans-serif; font-weight: var( --e-global-typography-text-font-weight ); text-align: var(--text-align); font-size: 1rem;\"> e anche un po\u2019 freddamente, tipo \u201c<\/span><em style=\"color: var( --e-global-color-text ); font-family: var( --e-global-typography-text-font-family ), Sans-serif; font-weight: var( --e-global-typography-text-font-weight ); text-align: var(--text-align); font-size: 1rem;\">Si si, bello, interessantissimo, poi tutto dipende dalle condizioni, sentiamoci<\/em><span style=\"color: var( --e-global-color-text ); font-family: var( --e-global-typography-text-font-family ), Sans-serif; font-weight: var( --e-global-typography-text-font-weight ); text-align: var(--text-align); font-size: 1rem;\">\u201d.<\/span><\/p><p>Una settimana dopo sono in macchina direzione Angoul\u00eame per andare a un matrimonio: mio marito alla guida, io di fianco, un nostro amico dietro e un\u2019ospite raccattata su blablacar per ammortizzare le spese. Dopo un\u2019oretta di viaggio la fatidica\u00a0<strong>chiamata,\u00a0<\/strong>azzitto tutti spiegando che si tratta di una cosa importante e percepisco le orecchie francesi dietro di me che tentano di capire di cosa sto parlando, mentre il mio uomo continua imperterrito a guidare, ma facendo molta attenzione alle mie parole.<\/p><p>Faccio quindi conoscenza per la prima volta con Marianna, l\u2019artefice di quella che diventer\u00e0 la realizzazione di un mio <strong>sogno di bambina<\/strong>. <img decoding=\"async\" class=\"emoji\" role=\"img\" draggable=\"false\" src=\"https:\/\/s.w.org\/images\/core\/emoji\/14.0.0\/svg\/1f642.svg\" alt=\"\ud83d\ude42\" \/><\/p><p>Chiacchieriamo almeno 45 minuti e capisco che Marianna fa sul serio, che mi vuole per scrivere una <strong>guida<\/strong> di Parigi, ma nello stile del mio blog, che mi ha scelta perch\u00e9 ha letto il blog e le piace come scrivo<strong>\u2026 SHE\u2026WANTS\u2026 ME!<\/strong> Cerco di trattenere la gioia al telefono per rimanere professionale, ma l\u2019<strong>entusiasmo<\/strong> mi invade!<\/p><p>Comincia cos\u00ec la mia <strong>avventura<\/strong> e in due mesi e mezzo (ancora non realizzo come diavolo ho fatto in cos\u00ec poco tempo!) ho scritto il mio <strong>primo libro!<\/strong> L\u2019avventura \u00e8 andata avanti per nove mesi (n\u00e0 gravidanza!), tra redazione, riletture, le foto del mio uomo che ho messo chiaramente in mezzo perch\u00e9 \u00e8 bravissimo, editing e compagnia bella, e poi finalmente il parto!<\/p><p><strong>Parigi low cost, guida anticrisi alla citt\u00e0 pi\u00f9 romantica del mondo<\/strong>, vi guida nella mia Parigi, quella turistica e non solo, quella un po\u2019 pi\u00f9 curiosa, quella pratica\u2026 ce l\u2019ho messa tutta per partorire qualcosa di bello, spero che vi piaccia! <img decoding=\"async\" class=\"emoji\" role=\"img\" draggable=\"false\" src=\"https:\/\/s.w.org\/images\/core\/emoji\/14.0.0\/svg\/1f642.svg\" alt=\"\ud83d\ude42\" \/><\/p><p>Informazioni pratiche<\/p><p><strong>Editore<\/strong>: BUR Biblioteca Univ. Rizzoli Rizzoli<br \/><strong>ISBN-10<\/strong>: 8817080217 \/ ISBN-13: 978-8817080217<br \/><strong>Pubblicato ad aprile 2015 e fuori catalogo<\/strong><\/p>\t\t\t\t\t\t\t\t<\/div>\n\t\t\t\t<\/div>\n\t\t\t\t\t<\/div>\n\t\t\t\t<\/div>\n\t\t\t\t<\/div>\n\t\t","protected":false},"excerpt":{"rendered":"<p>\u00c8 un giorno di agosto quando arriva nella mia scatola email (francesismo per bo\u00eete mail) un messaggio di una certa Marianna che mi dice lavorare alla BUR e che vorrebbe propormi di scrivere qualcosa su Parigi, come ha fatto con altre citt\u00e0, con altri blogger\u2026<\/p>\n","protected":false},"featured_media":896,"template":"","categories":[34],"class_list":["post-1126","projets","type-projets","status-publish","has-post-thumbnail","hentry","category-libri"],"_links":{"self":[{"href":"https:\/\/paris-pocket.com\/it\/wp-json\/wp\/v2\/projets\/1126","targetHints":{"allow":["GET"]}}],"collection":[{"href":"https:\/\/paris-pocket.com\/it\/wp-json\/wp\/v2\/projets"}],"about":[{"href":"https:\/\/paris-pocket.com\/it\/wp-json\/wp\/v2\/types\/projets"}],"version-history":[{"count":14,"href":"https:\/\/paris-pocket.com\/it\/wp-json\/wp\/v2\/projets\/1126\/revisions"}],"predecessor-version":[{"id":16018,"href":"https:\/\/paris-pocket.com\/it\/wp-json\/wp\/v2\/projets\/1126\/revisions\/16018"}],"wp:featuredmedia":[{"embeddable":true,"href":"https:\/\/paris-pocket.com\/it\/wp-json\/wp\/v2\/media\/896"}],"wp:attachment":[{"href":"https:\/\/paris-pocket.com\/it\/wp-json\/wp\/v2\/media?parent=1126"}],"wp:term":[{"taxonomy":"category","embeddable":true,"href":"https:\/\/paris-pocket.com\/it\/wp-json\/wp\/v2\/categories?post=1126"}],"curies":[{"name":"wp","href":"https:\/\/api.w.org\/{rel}","templated":true}]}}